{"id":629,"date":"2019-12-17T17:27:19","date_gmt":"2019-12-17T16:27:19","guid":{"rendered":"https:\/\/jornadasgiussani.org\/?page_id=629"},"modified":"2021-10-19T08:59:37","modified_gmt":"2021-10-19T06:59:37","slug":"comunicaciones-2020","status":"publish","type":"page","link":"https:\/\/jornadasgiussani.org\/index.php\/comunicaciones-2020\/","title":{"rendered":"Comunicaciones Jornadas 2020"},"content":{"rendered":"\n<h2 class=\"wp-block-heading\">Primera sesi\u00f3n de comunicaciones<\/h2>\n\n\n\n<p>(Viernes 31 de enero de 2020, 13:00h)<\/p>\n\n\n\n<ul class=\"wp-block-list\"><li><strong>Jos\u00e9 D\u00edaz<\/strong> (Universidad Complutense):<ul><li>La creaci\u00f3n del mundo y del hombre: una perspectiva unitaria a la luz de la propuesta educativa de Giussani<\/li><\/ul><\/li><\/ul>\n\n\n\n<figure class=\"wp-block-embed-youtube wp-block-embed is-type-video is-provider-youtube wp-embed-aspect-16-9 wp-has-aspect-ratio\"><div class=\"wp-block-embed__wrapper\">\n<iframe loading=\"lazy\" title=\"La creaci\u00f3n del mundo y del hombre: una perspectiva unitaria a la luz de L. Giussani (Jos\u00e9 D\u00edaz)\" width=\"640\" height=\"360\" src=\"https:\/\/www.youtube.com\/embed\/XI3jNwUa6sI?feature=oembed\" frameborder=\"0\" allow=\"accelerometer; autoplay; clipboard-write; encrypted-media; gyroscope; picture-in-picture; web-share\" referrerpolicy=\"strict-origin-when-cross-origin\" allowfullscreen><\/iframe>\n<\/div><\/figure>\n\n\n\n<ul class=\"wp-block-list\"><li><strong>Mar\u00eda Rodr\u00edguez Velasco<\/strong> (Universidad CEU San Pablo):<ul><li>La Belleza del arte como respuesta al coraz\u00f3n del hombre<\/li><\/ul><\/li><\/ul>\n\n\n\n<figure class=\"wp-block-embed-youtube wp-block-embed is-type-video is-provider-youtube wp-embed-aspect-16-9 wp-has-aspect-ratio\"><div class=\"wp-block-embed__wrapper\">\n<iframe loading=\"lazy\" title=\"La Belleza del arte como respuesta al coraz\u00f3n del hombre (Mar\u00eda Rodr\u00edguez Velasco)\" width=\"640\" height=\"360\" src=\"https:\/\/www.youtube.com\/embed\/9Q_bt9xm8cQ?feature=oembed\" frameborder=\"0\" allow=\"accelerometer; autoplay; clipboard-write; encrypted-media; gyroscope; picture-in-picture; web-share\" referrerpolicy=\"strict-origin-when-cross-origin\" allowfullscreen><\/iframe>\n<\/div><\/figure>\n\n\n\n<ul class=\"wp-block-list\"><li> <strong>Mar\u00eda Solano Conde<\/strong> (Universidad CEU San Pablo \/ Universidad Aut\u00f3noma de la Ciudad de M\u00e9xico):<ul><li>El concepto de vocaci\u00f3n en la obra de Luigi Giussani<\/li><\/ul><\/li><\/ul>\n\n\n\n<figure class=\"wp-block-embed-youtube wp-block-embed is-type-video is-provider-youtube wp-embed-aspect-16-9 wp-has-aspect-ratio\"><div class=\"wp-block-embed__wrapper\">\n<iframe loading=\"lazy\" title=\"El concepto de vocaci\u00f3n en la obra de Luigi Giussani (Mar\u00eda Solano Conde)\" width=\"640\" height=\"360\" src=\"https:\/\/www.youtube.com\/embed\/VGPDbe3IwGE?feature=oembed\" frameborder=\"0\" allow=\"accelerometer; autoplay; clipboard-write; encrypted-media; gyroscope; picture-in-picture; web-share\" referrerpolicy=\"strict-origin-when-cross-origin\" allowfullscreen><\/iframe>\n<\/div><\/figure>\n\n\n\n<ul class=\"wp-block-list\"><li><strong>Luc\u00eda Garijo<\/strong> (Universidad Francisco de Vitoria): <ul><li>Actualidad de las actitudes irracionales y claves po\u00e9ticas a partir de <em>El Sentido Religioso<\/em>. Apuntes para un lenguaje audiovisual<\/li><\/ul><\/li><\/ul>\n\n\n\n<figure class=\"wp-block-embed-youtube wp-block-embed is-type-video is-provider-youtube wp-embed-aspect-16-9 wp-has-aspect-ratio\"><div class=\"wp-block-embed__wrapper\">\n<iframe loading=\"lazy\" title=\"Las actitudes irracionales y claves po\u00e9ticas a partir de El Sentido Religioso (Luc\u00eda Garijo)\" width=\"640\" height=\"360\" src=\"https:\/\/www.youtube.com\/embed\/8kikvk1NqQE?feature=oembed\" frameborder=\"0\" allow=\"accelerometer; autoplay; clipboard-write; encrypted-media; gyroscope; picture-in-picture; web-share\" referrerpolicy=\"strict-origin-when-cross-origin\" allowfullscreen><\/iframe>\n<\/div><\/figure>\n\n\n\n<ul class=\"wp-block-list\"><li><strong>M\u00e1ty\u00e1s Szalay<\/strong> (Instituto de Filosof\u00eda Edith Stein)<ul><li>La vida como vocaci\u00f3n y el problema de la desnudez<\/li><\/ul><\/li><\/ul>\n\n\n\n<figure class=\"wp-block-embed-youtube wp-block-embed is-type-video is-provider-youtube wp-embed-aspect-16-9 wp-has-aspect-ratio\"><div class=\"wp-block-embed__wrapper\">\n<iframe loading=\"lazy\" title=\"La vida como vocaci\u00f3n y el problema de la desnudez (M\u00e1ty\u00e1s Szalay)\" width=\"640\" height=\"360\" src=\"https:\/\/www.youtube.com\/embed\/yUwzFt8i2lI?feature=oembed\" frameborder=\"0\" allow=\"accelerometer; autoplay; clipboard-write; encrypted-media; gyroscope; picture-in-picture; web-share\" referrerpolicy=\"strict-origin-when-cross-origin\" allowfullscreen><\/iframe>\n<\/div><\/figure>\n\n\n\n<ul class=\"wp-block-list\"><li><strong>Gabriel Gerez Kraemer <\/strong>(Universidad CEU San Pablo) <ul><li> Realismo y racionalidad en la investigaci\u00f3n jur\u00eddica<\/li><\/ul><\/li><\/ul>\n\n\n\n<figure class=\"wp-block-embed-youtube wp-block-embed is-type-video is-provider-youtube wp-embed-aspect-16-9 wp-has-aspect-ratio\"><div class=\"wp-block-embed__wrapper\">\n<iframe loading=\"lazy\" title=\"Realismo y racionalidad en la investigaci\u00f3n jur\u00eddica (Gabriel Gerez Kraemer)\" width=\"640\" height=\"360\" src=\"https:\/\/www.youtube.com\/embed\/_I-jDhmcCIY?feature=oembed\" frameborder=\"0\" allow=\"accelerometer; autoplay; clipboard-write; encrypted-media; gyroscope; picture-in-picture; web-share\" referrerpolicy=\"strict-origin-when-cross-origin\" allowfullscreen><\/iframe>\n<\/div><\/figure>\n\n\n\n<ul class=\"wp-block-list\"><li><strong>Pablo L\u00f3pez Mart\u00edn<\/strong> (Universidad CEU San Pablo) <ul><li>La experiencia como fuente de evidencia<\/li><\/ul><\/li><\/ul>\n\n\n\n<figure class=\"wp-block-embed-youtube wp-block-embed is-type-video is-provider-youtube wp-embed-aspect-16-9 wp-has-aspect-ratio\"><div class=\"wp-block-embed__wrapper\">\n<iframe loading=\"lazy\" title=\"La experiencia como fuente de evidencia (Pablo L\u00f3pez Mart\u00edn)\" width=\"640\" height=\"360\" src=\"https:\/\/www.youtube.com\/embed\/CARZRYeQRK4?feature=oembed\" frameborder=\"0\" allow=\"accelerometer; autoplay; clipboard-write; encrypted-media; gyroscope; picture-in-picture; web-share\" referrerpolicy=\"strict-origin-when-cross-origin\" allowfullscreen><\/iframe>\n<\/div><\/figure>\n\n\n\n<div style=\"height:100px\" aria-hidden=\"true\" class=\"wp-block-spacer\"><\/div>\n\n\n\n<h2 class=\"wp-block-heading\">Segunda sesi\u00f3n de comunicaciones<\/h2>\n\n\n\n<p>(Viernes, 31 de enero de 2020, 16:30h)<\/p>\n\n\n\n<ul class=\"wp-block-list\"><li><strong>Davide Tomaselli<\/strong> (Universidad Francisco de Vitoria): <ul><li>Ense\u00f1ar <em>El sentido religioso<\/em> en la Universidad de hoy<\/li><\/ul><\/li><\/ul>\n\n\n\n<figure class=\"wp-block-embed-youtube wp-block-embed is-type-video is-provider-youtube wp-embed-aspect-16-9 wp-has-aspect-ratio\"><div class=\"wp-block-embed__wrapper\">\n<iframe loading=\"lazy\" title=\"Ense\u00f1ar El sentido religioso en la Universidad de hoy (Davide Tomaselli)\" width=\"640\" height=\"360\" src=\"https:\/\/www.youtube.com\/embed\/peQYUutE3aU?feature=oembed\" frameborder=\"0\" allow=\"accelerometer; autoplay; clipboard-write; encrypted-media; gyroscope; picture-in-picture; web-share\" referrerpolicy=\"strict-origin-when-cross-origin\" allowfullscreen><\/iframe>\n<\/div><\/figure>\n\n\n\n<ul class=\"wp-block-list\"><li><strong>Pablo Velasco Quintana <\/strong>(Universidad CEU San Pablo)<ul><li>Acontecimiento cultural como categor\u00eda jur\u00eddica<\/li><\/ul><\/li><\/ul>\n\n\n\n<figure class=\"wp-block-embed-youtube wp-block-embed is-type-video is-provider-youtube wp-embed-aspect-16-9 wp-has-aspect-ratio\"><div class=\"wp-block-embed__wrapper\">\n<iframe loading=\"lazy\" title=\"Acontecimiento cultural como categor\u00eda jur\u00eddica (Pablo Velasco Quintana)\" width=\"640\" height=\"360\" src=\"https:\/\/www.youtube.com\/embed\/eCO81-LH0g0?feature=oembed\" frameborder=\"0\" allow=\"accelerometer; autoplay; clipboard-write; encrypted-media; gyroscope; picture-in-picture; web-share\" referrerpolicy=\"strict-origin-when-cross-origin\" allowfullscreen><\/iframe>\n<\/div><\/figure>\n\n\n\n<ul class=\"wp-block-list\"><li><strong>Laura Llamas D\u00edaz<\/strong> y <strong>David Garc\u00eda D\u00edaz <\/strong>(Universidad Francisco de Vitoria):<ul><li>La libertad como esencia del yo humano: propuesta pedag\u00f3gica para la asignatura de \u00abAntropolog\u00eda fundamental\u00bb<\/li><\/ul><\/li><\/ul>\n\n\n\n<figure class=\"wp-block-embed-youtube aligncenter wp-block-embed is-type-video is-provider-youtube wp-embed-aspect-16-9 wp-has-aspect-ratio\"><div class=\"wp-block-embed__wrapper\">\nhttps:\/\/youtu.be\/SqnXFs7UA8c\n<\/div><\/figure>\n\n\n\n<ul class=\"wp-block-list\"><li><strong>Aquilino Polaino<\/strong> (Universidad CEU San Pablo): <ul><li>El yo y la ley del yo en D. Luigi Giussani<\/li><\/ul><\/li><\/ul>\n\n\n\n<figure class=\"wp-block-embed-youtube wp-block-embed is-type-video is-provider-youtube wp-embed-aspect-16-9 wp-has-aspect-ratio\"><div class=\"wp-block-embed__wrapper\">\n<iframe loading=\"lazy\" title=\"El yo y la ley del yo en D. Luigi Giussani (Aquilino Polaino)\" width=\"640\" height=\"360\" src=\"https:\/\/www.youtube.com\/embed\/wZPOQKnLUB4?feature=oembed\" frameborder=\"0\" allow=\"accelerometer; autoplay; clipboard-write; encrypted-media; gyroscope; picture-in-picture; web-share\" referrerpolicy=\"strict-origin-when-cross-origin\" allowfullscreen><\/iframe>\n<\/div><\/figure>\n\n\n\n<ul class=\"wp-block-list\"><li><strong>Almudena Romero<\/strong> (Universidad Eclesi\u00e1stica San D\u00e1maso)<ul><li>Luigi Giussani y Mar\u00eda Zambrano: una misma actitud ante la realidad<\/li><\/ul><\/li><\/ul>\n\n\n\n<figure class=\"wp-block-embed-youtube wp-block-embed is-type-video is-provider-youtube wp-embed-aspect-16-9 wp-has-aspect-ratio\"><div class=\"wp-block-embed__wrapper\">\n<iframe loading=\"lazy\" title=\"Luigi Giussani y Mar\u00eda Zambrano: una misma actitud ante la realidad (Almudena Romero)\" width=\"640\" height=\"360\" src=\"https:\/\/www.youtube.com\/embed\/UdIuOF38Hgs?feature=oembed\" frameborder=\"0\" allow=\"accelerometer; autoplay; clipboard-write; encrypted-media; gyroscope; picture-in-picture; web-share\" referrerpolicy=\"strict-origin-when-cross-origin\" allowfullscreen><\/iframe>\n<\/div><\/figure>\n\n\n\n<ul class=\"wp-block-list\"><li><strong>Catalina Mart\u00edn Lloris<\/strong> y <strong>Guillermo G\u00f3mez-Ferrer<\/strong> (Universidad Cat\u00f3lica de Valencia San Vicente M\u00e1rtir):<ul><li>El sentido religioso en la experiencia est\u00e9tica contempor\u00e1nea<\/li><\/ul><\/li><\/ul>\n\n\n\n<figure class=\"wp-block-embed-youtube wp-block-embed is-type-video is-provider-youtube wp-embed-aspect-16-9 wp-has-aspect-ratio\"><div class=\"wp-block-embed__wrapper\">\n<iframe loading=\"lazy\" title=\"El sentido religioso en la experiencia est\u00e9tica contempor\u00e1nea (C. Mart\u00edn Lloris y G. G\u00f3mez-Ferrer)\" width=\"640\" height=\"360\" src=\"https:\/\/www.youtube.com\/embed\/qNs0KNUtlEU?feature=oembed\" frameborder=\"0\" allow=\"accelerometer; autoplay; clipboard-write; encrypted-media; gyroscope; picture-in-picture; web-share\" referrerpolicy=\"strict-origin-when-cross-origin\" allowfullscreen><\/iframe>\n<\/div><\/figure>\n\n\n\n<ul class=\"wp-block-list\"><li><strong>Manuel Oriol Salgado<\/strong> (Universidad CEU San Pablo): <ul><li>La certeza moral en Giussani y Newman<\/li><\/ul><\/li><\/ul>\n\n\n\n<figure class=\"wp-block-embed-youtube wp-block-embed is-type-video is-provider-youtube wp-embed-aspect-16-9 wp-has-aspect-ratio\"><div class=\"wp-block-embed__wrapper\">\n<iframe loading=\"lazy\" title=\"La certeza moral en Giussani y Newman (Manuel Oriol Salgado)\" width=\"640\" height=\"360\" src=\"https:\/\/www.youtube.com\/embed\/_8atUE_XR88?feature=oembed\" frameborder=\"0\" allow=\"accelerometer; autoplay; clipboard-write; encrypted-media; gyroscope; picture-in-picture; web-share\" referrerpolicy=\"strict-origin-when-cross-origin\" allowfullscreen><\/iframe>\n<\/div><\/figure>\n\n\n\n<ul class=\"wp-block-list\"><li><strong>Jos\u00e9 Francisco Romo<\/strong> (Fundaci\u00f3n Santamarca):<ul><li>Don Giussani: generador de hijos, no de disc\u00edpulos<\/li><\/ul><\/li><\/ul>\n\n\n\n<figure class=\"wp-block-embed-youtube wp-block-embed is-type-video is-provider-youtube wp-embed-aspect-16-9 wp-has-aspect-ratio\"><div class=\"wp-block-embed__wrapper\">\n<iframe loading=\"lazy\" title=\"Don Giussani: generador de hijos, no de disc\u00edpulos (Jos\u00e9 Francisco Romo)\" width=\"640\" height=\"360\" src=\"https:\/\/www.youtube.com\/embed\/TSrHbHUGc6Q?feature=oembed\" frameborder=\"0\" allow=\"accelerometer; autoplay; clipboard-write; encrypted-media; gyroscope; picture-in-picture; web-share\" referrerpolicy=\"strict-origin-when-cross-origin\" allowfullscreen><\/iframe>\n<\/div><\/figure>\n","protected":false},"excerpt":{"rendered":"<ul>\n<li><strong>Jos\u00e9 D\u00edaz<\/strong> (Universidad Complutense), <i>La creaci\u00f3n del mundo y del hombre: una perspectiva unitaria a la luz de la propuesta educativa de Giussani<\/i><\/li>\n<li><strong>Mar\u00eda Rodr\u00edguez Velasco<\/strong> (Universidad CEU San Pablo), <i>La Belleza del arte como respuesta al coraz\u00f3n del hombre<\/i><\/li>\n<li><strong>Mar\u00eda Solano Conde<\/strong> (Universidad CEU San Pablo \/ Universidad Aut\u00f3noma de la Ciudad de M\u00e9xico), <i>El concepto de vocaci\u00f3n en la obra de Luigi Giussani<\/i><\/li>\n<li><strong>Luc\u00eda Garijo<\/strong> (Universidad Francisco de Vitoria), <i>Actualidad de las actitudes irracionales y claves po\u00e9ticas a partir de <em>El Sentido Religioso<\/em>. Apuntes para un lenguaje audiovisual<\/i><\/li>\n<li><strong>M\u00e1ty\u00e1s Szalay<\/strong> (Instituto de Filosof\u00eda Edith Stein), <i>La vida como vocaci\u00f3n y el problema de la desnudez<\/i><\/li>\n<li><strong>Gabriel Gerez Kraemer <\/strong>(Universidad CEU San Pablo), <i>Realismo y racionalidad en la investigaci\u00f3n jur\u00eddica<\/i><\/li>\n<li><strong>Pablo L\u00f3pez Mart\u00edn<\/strong> (Universidad CEU San Pablo), <i>La experiencia como fuente de evidencia<\/i><\/li>\n<li><strong>Davide Tomaselli<\/strong> (Universidad Francisco de Vitoria), <i>Ense\u00f1ar <em>El sentido religioso<\/em> en la Universidad de hoy<\/i><\/li>\n<li><strong>Pablo Velasco Quintana <\/strong>(Universidad CEU San Pablo), <i>Acontecimiento cultural como categor\u00eda jur\u00eddica<\/i><\/li>\n<li><strong>Laura Llamas D\u00edaz<\/strong> y <strong>David Garc\u00eda D\u00edaz <\/strong>(Universidad Francisco de Vitoria), <i>La libertad como esencia del yo humano: propuesta pedag\u00f3gica para la asignatura de \u00abAntropolog\u00eda fundamental\u00bb<\/i><\/li>\n<li><strong>Aquilino Polaino<\/strong> (Universidad CEU San Pablo), <i>El yo y la ley del yo en D. Luigi Giussani<\/i><\/li>\n<li><strong>Almudena Romero<\/strong> (Universidad Eclesi\u00e1stica San D\u00e1maso), <i>Luigi Giussani y Mar\u00eda Zambrano: una misma actitud ante la realidad<\/i><\/li>\n<li><strong>Catalina Mart\u00edn Lloris<\/strong> y <strong>Guillermo G\u00f3mez-Ferrer<\/strong> (Universidad Cat\u00f3lica de Valencia San Vicente M\u00e1rtir), <i>El sentido religioso en la experiencia est\u00e9tica contempor\u00e1nea<\/i><\/li>\n<li><strong>Manuel Oriol Salgado<\/strong> (Universidad CEU San Pablo), <i>La certeza moral en Giussani y Newman<\/i><\/li>\n<li><strong>Jos\u00e9 Francisco Romo<\/strong> (Fundaci\u00f3n Santamarca), <i>Don Giussani: generador de hijos, no de disc\u00edpulos<\/i><\/li>\n<\/ul>\n","protected":false},"author":2,"featured_media":0,"parent":0,"menu_order":0,"comment_status":"closed","ping_status":"closed","template":"","meta":{"footnotes":""},"class_list":["post-629","page","type-page","status-publish","hentry"],"_links":{"self":[{"href":"https:\/\/jornadasgiussani.org\/index.php\/wp-json\/wp\/v2\/pages\/629","targetHints":{"allow":["GET"]}}],"collection":[{"href":"https:\/\/jornadasgiussani.org\/index.php\/wp-json\/wp\/v2\/pages"}],"about":[{"href":"https:\/\/jornadasgiussani.org\/index.php\/wp-json\/wp\/v2\/types\/page"}],"author":[{"embeddable":true,"href":"https:\/\/jornadasgiussani.org\/index.php\/wp-json\/wp\/v2\/users\/2"}],"replies":[{"embeddable":true,"href":"https:\/\/jornadasgiussani.org\/index.php\/wp-json\/wp\/v2\/comments?post=629"}],"version-history":[{"count":35,"href":"https:\/\/jornadasgiussani.org\/index.php\/wp-json\/wp\/v2\/pages\/629\/revisions"}],"predecessor-version":[{"id":752,"href":"https:\/\/jornadasgiussani.org\/index.php\/wp-json\/wp\/v2\/pages\/629\/revisions\/752"}],"wp:attachment":[{"href":"https:\/\/jornadasgiussani.org\/index.php\/wp-json\/wp\/v2\/media?parent=629"}],"curies":[{"name":"wp","href":"https:\/\/api.w.org\/{rel}","templated":true}]}}