{"id":572,"date":"2019-12-01T10:36:19","date_gmt":"2019-12-01T09:36:19","guid":{"rendered":"https:\/\/jornadasgiussani.org\/?page_id=572"},"modified":"2019-12-01T13:41:18","modified_gmt":"2019-12-01T12:41:18","slug":"javier-prades","status":"publish","type":"page","link":"https:\/\/jornadasgiussani.org\/index.php\/javier-prades\/","title":{"rendered":"Javier Prades"},"content":{"rendered":"\n<div style=\"height:20px\" aria-hidden=\"true\" class=\"wp-block-spacer\"><\/div>\n\n\n\n<p>Javier M\u00aa Prades L\u00f3pez (Madrid, 1960), es sacerdote de la di\u00f3cesis de Madrid. Licenciado en Derecho por la Universidad Aut\u00f3noma de Madrid (1982) y doctor en Teolog\u00eda por la Pontificia Universidad Gregoriana de Roma (1991). Es Catedr\u00e1tico de Teolog\u00eda Sistem\u00e1tica de la Universidad de Estudios Eclesi\u00e1sticos San D\u00e1maso, de la que es actualmente Rector. Es miembro de la Comisi\u00f3n Teol\u00f3gica Internacional.<\/p>\n","protected":false},"excerpt":{"rendered":"<p>Javier M\u00aa Prades L\u00f3pez (Madrid, 1960), es sacerdote de la di\u00f3cesis de Madrid. Licenciado en Derecho por la Universidad Aut\u00f3noma de Madrid (1982) y doctor en Teolog\u00eda por la Pontificia Universidad Gregoriana de Roma (1991). Es Catedr\u00e1tico de Teolog\u00eda Sistem\u00e1tica de la Universidad de Estudios Eclesi\u00e1sticos San D\u00e1maso, de la que es actualmente Rector. Es [&hellip;]<\/p>\n","protected":false},"author":2,"featured_media":583,"parent":0,"menu_order":0,"comment_status":"closed","ping_status":"closed","template":"","meta":{"footnotes":""},"class_list":["post-572","page","type-page","status-publish","has-post-thumbnail","hentry"],"_links":{"self":[{"href":"https:\/\/jornadasgiussani.org\/index.php\/wp-json\/wp\/v2\/pages\/572","targetHints":{"allow":["GET"]}}],"collection":[{"href":"https:\/\/jornadasgiussani.org\/index.php\/wp-json\/wp\/v2\/pages"}],"about":[{"href":"https:\/\/jornadasgiussani.org\/index.php\/wp-json\/wp\/v2\/types\/page"}],"author":[{"embeddable":true,"href":"https:\/\/jornadasgiussani.org\/index.php\/wp-json\/wp\/v2\/users\/2"}],"replies":[{"embeddable":true,"href":"https:\/\/jornadasgiussani.org\/index.php\/wp-json\/wp\/v2\/comments?post=572"}],"version-history":[{"count":1,"href":"https:\/\/jornadasgiussani.org\/index.php\/wp-json\/wp\/v2\/pages\/572\/revisions"}],"predecessor-version":[{"id":573,"href":"https:\/\/jornadasgiussani.org\/index.php\/wp-json\/wp\/v2\/pages\/572\/revisions\/573"}],"wp:featuredmedia":[{"embeddable":true,"href":"https:\/\/jornadasgiussani.org\/index.php\/wp-json\/wp\/v2\/media\/583"}],"wp:attachment":[{"href":"https:\/\/jornadasgiussani.org\/index.php\/wp-json\/wp\/v2\/media?parent=572"}],"curies":[{"name":"wp","href":"https:\/\/api.w.org\/{rel}","templated":true}]}}