{"id":562,"date":"2019-12-01T10:17:23","date_gmt":"2019-12-01T09:17:23","guid":{"rendered":"https:\/\/jornadasgiussani.org\/?page_id=562"},"modified":"2019-12-01T10:17:24","modified_gmt":"2019-12-01T09:17:24","slug":"antonio-ma-rouco","status":"publish","type":"page","link":"https:\/\/jornadasgiussani.org\/index.php\/antonio-ma-rouco\/","title":{"rendered":"Antonio M\u00aa Rouco"},"content":{"rendered":"\n<div style=\"height:20px\" aria-hidden=\"true\" class=\"wp-block-spacer\"><\/div>\n\n\n\n<p>Antonio Mar\u00eda Rouco Varela (Villalba, Lugo, 1936) es doctor en Derecho Can\u00f3nico. Fue ordenado sacerdote en Salamanca en 1959. El papa Pablo VI le nombr\u00f3 obispo auxiliar de Santiago de Compostela en 1976. En 1984 fue nombrado arzobispo de la sede compostelana por el Papa Juan Pablo II y cardenal en 1998. Entre 1984 y 1989 fue vice-gran Canciller de la Universidad Pontificia de Salamanca. <br>En 1996 fue nombrado por el Papa Juan Pablo II \u201cMagnum Cancellarium\u201d de la Facultad de Teolog\u00eda San D\u00e1maso de Madrid. Ha participado en numerosas Asambleas sinodales. <br>Fue arzobispo de Madrid entre 1994 y 2014 y presidente de la CEE durante cuatro legislaturas.<\/p>\n","protected":false},"excerpt":{"rendered":"<p>Antonio Mar\u00eda Rouco Varela (Villalba, Lugo, 1936) es doctor en Derecho Can\u00f3nico. Fue ordenado sacerdote en Salamanca en 1959. El papa Pablo VI le nombr\u00f3 obispo auxiliar de Santiago de Compostela en 1976. En 1984 fue nombrado arzobispo de la sede compostelana por el Papa Juan Pablo II y cardenal en 1998. Entre 1984 y [&hellip;]<\/p>\n","protected":false},"author":2,"featured_media":563,"parent":0,"menu_order":0,"comment_status":"closed","ping_status":"closed","template":"","meta":{"footnotes":""},"class_list":["post-562","page","type-page","status-publish","has-post-thumbnail","hentry"],"_links":{"self":[{"href":"https:\/\/jornadasgiussani.org\/index.php\/wp-json\/wp\/v2\/pages\/562","targetHints":{"allow":["GET"]}}],"collection":[{"href":"https:\/\/jornadasgiussani.org\/index.php\/wp-json\/wp\/v2\/pages"}],"about":[{"href":"https:\/\/jornadasgiussani.org\/index.php\/wp-json\/wp\/v2\/types\/page"}],"author":[{"embeddable":true,"href":"https:\/\/jornadasgiussani.org\/index.php\/wp-json\/wp\/v2\/users\/2"}],"replies":[{"embeddable":true,"href":"https:\/\/jornadasgiussani.org\/index.php\/wp-json\/wp\/v2\/comments?post=562"}],"version-history":[{"count":1,"href":"https:\/\/jornadasgiussani.org\/index.php\/wp-json\/wp\/v2\/pages\/562\/revisions"}],"predecessor-version":[{"id":564,"href":"https:\/\/jornadasgiussani.org\/index.php\/wp-json\/wp\/v2\/pages\/562\/revisions\/564"}],"wp:featuredmedia":[{"embeddable":true,"href":"https:\/\/jornadasgiussani.org\/index.php\/wp-json\/wp\/v2\/media\/563"}],"wp:attachment":[{"href":"https:\/\/jornadasgiussani.org\/index.php\/wp-json\/wp\/v2\/media?parent=562"}],"curies":[{"name":"wp","href":"https:\/\/api.w.org\/{rel}","templated":true}]}}