{"id":336,"date":"2019-10-22T08:28:58","date_gmt":"2019-10-22T06:28:58","guid":{"rendered":"https:\/\/jornadasgiussani.org\/?page_id=336"},"modified":"2021-10-19T09:07:26","modified_gmt":"2021-10-19T07:07:26","slug":"viernes-31-de-enero-de-2020","status":"publish","type":"page","link":"https:\/\/jornadasgiussani.org\/index.php\/viernes-31-de-enero-de-2020\/","title":{"rendered":"Viernes 31 de enero de 2020"},"content":{"rendered":"\n<p><strong>10.30 <\/strong>La misi\u00f3n en la sociedad secularizada<\/p>\n\n\n\n<ul class=\"wp-block-list\"><li>Mons. D. <strong><a href=\"https:\/\/jornadasgiussani.org\/index.php\/luis-arguello\/\">Luis Arg\u00fcello<\/a><\/strong>, Secretario de la Conferencia Episcopal Espa\u00f1ola<\/li><li><em>Saludo: D. <\/em><strong><em>Ignacio Carbajosa<\/em><\/strong><em>, responsable de Comuni\u00f3n y Liberaci\u00f3n en Espa\u00f1a<\/em><\/li><li><em>Presenta: D. <strong>Manuel Oriol<\/strong>, director de Ediciones Encuentro<\/em><\/li><\/ul>\n\n\n\n<figure class=\"wp-block-embed is-type-video is-provider-youtube wp-block-embed-youtube wp-embed-aspect-16-9 wp-has-aspect-ratio\"><div class=\"wp-block-embed__wrapper\">\n<iframe loading=\"lazy\" title=\"La misi\u00f3n en la sociedad secularizada (Mons. Luis Arg\u00fcello)\" width=\"640\" height=\"360\" src=\"https:\/\/www.youtube.com\/embed\/OgIthrJ6Qro?feature=oembed\" frameborder=\"0\" allow=\"accelerometer; autoplay; clipboard-write; encrypted-media; gyroscope; picture-in-picture; web-share\" referrerpolicy=\"strict-origin-when-cross-origin\" allowfullscreen><\/iframe>\n<\/div><\/figure>\n\n\n\n<p><strong>11.30<\/strong> Pausa caf\u00e9<\/p>\n\n\n\n<p><strong>12.00<\/strong> Aproximarse a Cristo desde la condici\u00f3n humana<\/p>\n\n\n\n<ul class=\"wp-block-list\"><li>D. <strong><a href=\"https:\/\/jornadasgiussani.org\/index.php\/angel-barahona\/\">\u00c1ngel Barahona<\/a><\/strong>, Decano de la facultad de Humanidades en la Universidad Francisco de Vitoria<\/li><li><em>Presenta: D\u00aa. <strong>Ana Llano<\/strong>, profesora de la Universidad Complutense de Madrid<\/em><\/li><\/ul>\n\n\n\n<figure class=\"wp-block-embed is-type-video is-provider-youtube wp-block-embed-youtube wp-embed-aspect-16-9 wp-has-aspect-ratio\"><div class=\"wp-block-embed__wrapper\">\n<iframe loading=\"lazy\" title=\"Aproximarse a Cristo desde la condici\u00f3n humana (\u00c1ngel Barahona)\" width=\"640\" height=\"360\" src=\"https:\/\/www.youtube.com\/embed\/LgemvE9B-tk?feature=oembed\" frameborder=\"0\" allow=\"accelerometer; autoplay; clipboard-write; encrypted-media; gyroscope; picture-in-picture; web-share\" referrerpolicy=\"strict-origin-when-cross-origin\" allowfullscreen><\/iframe>\n<\/div><\/figure>\n\n\n\n<p><strong>13.00<\/strong> Primera sesi\u00f3n de <a href=\"https:\/\/jornadasgiussani.org\/index.php\/comunicaciones-2\/\">comunicaciones<\/a><\/p>\n\n\n\n<p><strong>16.30<\/strong> Segunda sesi\u00f3n de <a href=\"https:\/\/jornadasgiussani.org\/index.php\/comunicaciones-2\/\">comunicaciones<\/a><\/p>\n\n\n\n<p><strong>18.30<\/strong> La palabra \u201cpo\u00e9tica\u201d en don Giussani. Sus autores y lecturas<\/p>\n\n\n\n<ul class=\"wp-block-list\"><li>D\u00f1a. <strong><a href=\"https:\/\/jornadasgiussani.org\/index.php\/carmen-giussani\/\">Carmen Giussani<\/a><\/strong>, Directora de la revista Huellas<\/li><li>D. <strong><a href=\"https:\/\/jornadasgiussani.org\/index.php\/davide-rondoni\/\">Davide Rondoni<\/a><\/strong>, Poeta<\/li><li><em>Presenta: D. <\/em><strong><em>Pablo Velasco<\/em><\/strong><em>, Secretario Nacional de Comunicaci\u00f3n de la ACdP<\/em><\/li><\/ul>\n\n\n\n<figure class=\"wp-block-embed is-type-video is-provider-youtube wp-block-embed-youtube wp-embed-aspect-16-9 wp-has-aspect-ratio\"><div class=\"wp-block-embed__wrapper\">\n<iframe loading=\"lazy\" title=\"La palabra \u201cpo\u00e9tica\u201d en don Giussani: sus autores y lecturas (Carmen Giussani, Davide Rondoni)\" width=\"640\" height=\"360\" src=\"https:\/\/www.youtube.com\/embed\/4LN_BMgBvBk?feature=oembed\" frameborder=\"0\" allow=\"accelerometer; autoplay; clipboard-write; encrypted-media; gyroscope; picture-in-picture; web-share\" referrerpolicy=\"strict-origin-when-cross-origin\" allowfullscreen><\/iframe>\n<\/div><\/figure>\n\n\n\n<p><strong>20.00<\/strong> Giussani y la m\u00fasica: concierto<\/p>\n\n\n\n<ul class=\"wp-block-list\"><li>Coordina: D. <strong>Rafael Andreo<\/strong>, M\u00fasico.&nbsp; <\/li><\/ul>\n\n\n\n<figure class=\"wp-block-embed is-type-video is-provider-youtube wp-block-embed-youtube wp-embed-aspect-16-9 wp-has-aspect-ratio\"><div class=\"wp-block-embed__wrapper\">\n<iframe loading=\"lazy\" title=\"Giussani y la m\u00fasica: concierto\" width=\"640\" height=\"360\" src=\"https:\/\/www.youtube.com\/embed\/dCFs-p27U-w?feature=oembed\" frameborder=\"0\" allow=\"accelerometer; autoplay; clipboard-write; encrypted-media; gyroscope; picture-in-picture; web-share\" referrerpolicy=\"strict-origin-when-cross-origin\" allowfullscreen><\/iframe>\n<\/div><\/figure>\n\n\n\n<hr class=\"wp-block-separator\"\/>\n\n\n\n<p><a href=\"https:\/\/jornadasgiussani.org\/index.php\/jueves-30-de-enero\/\">Ir al jueves 30 de enero<\/a><\/p>\n\n\n\n<p class=\"has-text-align-right\">Ir al <a href=\"https:\/\/jornadasgiussani.org\/index.php\/sabado-1-de-febrero\/\">s\u00e1bado 1 de febrero<\/a><\/p>\n","protected":false},"excerpt":{"rendered":"<p><strong>10.30<\/strong> Mons. D. <strong> <a href=\"https:\/\/jornadasgiussani.org\/index.php\/luis-arguello\">Luis Arg\u00fcello<\/a><\/strong><br \/><i>La misi\u00f3n en la sociedad secularizada<\/i><\/p>\n<p><strong>11.30<\/strong> Pausa caf\u00e9<\/p>\n<p><strong>12.00<\/strong> D. <strong> <a href=\"https:\/\/jornadasgiussani.org\/index.php\/angel-barahona\/\">\u00c1ngel Barahona<\/a><\/strong><br \/><i> Aproximarse a Cristo desde la condici\u00f3n humana<\/i><\/p>\n<p><strong>13.00<\/strong> Primera sesi\u00f3n de <strong><a href=\"https:\/\/jornadasgiussani.org\/index.php\/comunicaciones-2\/\">comunicaciones<\/a><\/strong><\/p>\n<p><strong>16.30<\/strong> Segunda sesi\u00f3n de <strong><a href=\"https:\/\/jornadasgiussani.org\/index.php\/comunicaciones-2\/\"> comunicaciones<\/a><\/strong><\/p>\n<p><strong>18.30<\/strong> D\u00f1a. <strong> <a href=\"https:\/\/jornadasgiussani.org\/index.php\/carmen-giussani\/\">Carmen Giussani<\/a><\/strong>, D. <strong> <a href=\"https:\/\/jornadasgiussani.org\/index.php\/davide-rondoni\/\">Davide Rondoni<\/a><\/strong><br \/><i>La palabra \u201cpo\u00e9tica\u201d en don Giussani. Sus autores y lecturas<\/i><\/p>\n<p><strong>20.00<\/strong> Giussani y la m\u00fasica: concierto<\/p>\n","protected":false},"author":2,"featured_media":0,"parent":0,"menu_order":0,"comment_status":"closed","ping_status":"closed","template":"","meta":{"footnotes":""},"class_list":["post-336","page","type-page","status-publish","hentry"],"_links":{"self":[{"href":"https:\/\/jornadasgiussani.org\/index.php\/wp-json\/wp\/v2\/pages\/336","targetHints":{"allow":["GET"]}}],"collection":[{"href":"https:\/\/jornadasgiussani.org\/index.php\/wp-json\/wp\/v2\/pages"}],"about":[{"href":"https:\/\/jornadasgiussani.org\/index.php\/wp-json\/wp\/v2\/types\/page"}],"author":[{"embeddable":true,"href":"https:\/\/jornadasgiussani.org\/index.php\/wp-json\/wp\/v2\/users\/2"}],"replies":[{"embeddable":true,"href":"https:\/\/jornadasgiussani.org\/index.php\/wp-json\/wp\/v2\/comments?post=336"}],"version-history":[{"count":25,"href":"https:\/\/jornadasgiussani.org\/index.php\/wp-json\/wp\/v2\/pages\/336\/revisions"}],"predecessor-version":[{"id":759,"href":"https:\/\/jornadasgiussani.org\/index.php\/wp-json\/wp\/v2\/pages\/336\/revisions\/759"}],"wp:attachment":[{"href":"https:\/\/jornadasgiussani.org\/index.php\/wp-json\/wp\/v2\/media?parent=336"}],"curies":[{"name":"wp","href":"https:\/\/api.w.org\/{rel}","templated":true}]}}